{"id":136,"date":"2018-05-28T15:17:25","date_gmt":"2018-05-28T13:17:25","guid":{"rendered":"http:\/\/wendo-provence.fr\/?page_id=136"},"modified":"2026-04-16T12:40:22","modified_gmt":"2026-04-16T10:40:22","slug":"equipe","status":"publish","type":"page","link":"http:\/\/wendo-provence.fr\/?page_id=136","title":{"rendered":"\u00c9quipe"},"content":{"rendered":"<div id=\"pl-136\"  class=\"panel-layout\" ><div id=\"pg-136-0\"  class=\"panel-grid panel-no-style\" ><div id=\"pgc-136-0-0\"  class=\"panel-grid-cell\" ><div id=\"panel-136-0-0-0\" class=\"so-panel widget widget_text panel-first-child\" data-index=\"0\" ><div class=\"panel-widget-style panel-widget-style-for-136-0-0-0\" ><h3 class=\"widget-title\">INSTRUCTRICES DE WENDO \/ Autod\u00e9fense physique &#038; verbale<\/h3>\t\t\t<div class=\"textwidget\"><p>&nbsp;<\/p>\n<p><strong>STAGES<\/strong><\/p>\n<ul>\n<li>Chan TH\u00c9RY<\/li>\n<li>Isabelle C\u00d4T\u00c9<\/li>\n<li>Nicole ROUSSEL<\/li>\n<li>Valia FILLOZ<\/li>\n<li>Catherine SAVARY<\/li>\n<\/ul>\n<p>&nbsp;<\/p>\n<p><strong>ATELIERS<\/strong><\/p>\n<ul>\n<li>Chan TH\u00c9RY<\/li>\n<li>Latifa SAUVIGNET<\/li>\n<li>\u00c9milie HAZEVIS-BINI<\/li>\n<li>Fran\u00e7ois POULIN<\/li>\n<\/ul>\n<p>&nbsp;<\/p>\n<p>&nbsp;<\/p>\n<p><em>\u00a0<\/em><\/p>\n<\/div>\n\t\t<\/div><\/div><div id=\"panel-136-0-0-1\" class=\"so-panel widget widget_text panel-last-child\" data-index=\"1\" >\t\t\t<div class=\"textwidget\"><\/div>\n\t\t<\/div><\/div><\/div><div id=\"pg-136-1\"  class=\"panel-grid panel-no-style\" ><div id=\"pgc-136-1-0\"  class=\"panel-grid-cell\" ><div id=\"panel-136-1-0-0\" class=\"so-panel widget widget_text panel-first-child panel-last-child\" data-index=\"2\" ><div class=\"panel-widget-style panel-widget-style-for-136-1-0-0\" >\t\t\t<div class=\"textwidget\"><p><strong><em>Chan Th\u00e9ry<\/em> : franco-canadienne ; instructrice de Wendo depuis 1984, formatrice, pr\u00e9sidente de Wendo Provence ; docteure de l&rsquo;Universit\u00e9 de Provence ; professeure titulaire : Universit\u00e9 Laval, Qu\u00e9bec (1980-2012) ; sp\u00e9cialiste des \u00e9crivaines, de l&rsquo;histoire et des droits des femmes ; autrice (3 essais) ; participation au film documentaire \u00ab <em>Non \u00e0 la violence faite aux femmes \u00bb, <\/em>T\u00e9l\u00e9vision de Radio-Qu\u00e9bec (S\u00e9rie Action !), 1983 ; d\u00e9sign\u00e9e &lsquo;commandeure&rsquo; par la Direction de la Philanthropie de l&rsquo;Universit\u00e9 Laval pour la cr\u00e9ation de la Bourse d&rsquo;excellence Th\u00e9ry-Lapointe en \u00e9tudes f\u00e9ministes ; le 8 mars 2024, le Pavillon des Sciences de l&rsquo;\u00c9ducation de l&rsquo;Universit\u00e9 Laval de Qu\u00e9bec a pris le nom de Pavillon Jeanne-Lapointe.<\/strong><\/p>\n<p><strong><em>Isabelle C\u00f4t\u00e9<\/em> : franco-canadienne ; d\u00e9l\u00e9gu\u00e9e g\u00e9n\u00e9rale d\u2019\u00c9diteurs du Sud PACA.<\/strong><\/p>\n<p><strong><em>Nicole Roussel<\/em> : \u00c9ducation nationale, institutrice et directrice d\u2019\u00e9cole (1968-1988) ; directrice du Mouvement Fran\u00e7ais pour le Planning Familial des Bouches-du-Rh\u00f4ne ; pr\u00e9sidente du MFPF du Var (1990-2014) ; membre du Bureau national ; pr\u00e9sidente de l&rsquo;association Genre &amp; Sant\u00e9.<\/strong><\/p>\n<p><strong><em>Valia Filloz<\/em> : Wendo Banon. \u00c9ducation nationale, professeure dans l&rsquo;enseignement sup\u00e9rieur ; sp\u00e9cialiste en \u00e9nerg\u00e9tique chinoise.<\/strong><\/p>\n<p><strong><em>Latifa Sauvignet<\/em> : Antenne Wendo Bretagne. Elle a cr\u00e9\u00e9 l&rsquo;atelier pilote \u00ab Handi Cap Wemdo \u00bb dans un centre pour handicap\u00e9s mentaux (Adapei \/ Centre d\u2019Habitat du Pays d\u2019Alet) ; r\u00e9f\u00e9rente du SDAS, Syndicat D\u00e9partemental Action Sociale FO35 en mati\u00e8re de lutte et de pr\u00e9vention des agissements sexistes.<\/strong><\/p>\n<p><strong><em>\u00c9milie Hazevis-Bini<\/em> : Association Wendo Pays de Savoie. Second <em>\u00ab Prix SOROP Envie d&rsquo;Entreprendre 2019 \u00bb (ONG SOROPTIMIST France) ;<\/em> finaliste du \u00ab Prix Parcours inspirant \u00bb, Troph\u00e9es Envie d&rsquo;entreprendre, Faucigny Mont-Blanc 2019 ; accompagn\u00e9e par ID cube, Incubateur d\u2019InnoVales ; auto-entrepreneure \/ Cabinet de conseil, de formation et de recherche-action, en \u00c9galit\u00e9 professionnelle, pour le Bien-\u00catre au Travail : www.eb-efficience.com.<\/strong><\/p>\n<p><strong><em>Fran\u00e7ois Poulin<\/em> : socio-\u00e9conomiste (ENAP) et altermondialiste (Forum mondial des p\u00eacheurs et travailleurs de la p\u00eache) ; animateur Wemdo et Wemdo Minots.<\/strong><\/p>\n<p><strong><em>Catherine Savary<\/em> : conseill\u00e8re conjugale et familiale au Planning familial de Toulon.<\/p>\n<p><\/strong><\/p>\n<p>&nbsp;<\/p>\n<p>&nbsp;<\/p>\n<\/div>\n\t\t<\/div><\/div><\/div><\/div><\/div>","protected":false},"excerpt":{"rendered":"<p>&nbsp; STAGES Chan TH\u00c9RY Isabelle C\u00d4T\u00c9 Nicole ROUSSEL Valia FILLOZ Catherine SAVARY &nbsp; ATELIERS Chan TH\u00c9RY Latifa SAUVIGNET \u00c9milie HAZEVIS-BINI Fran\u00e7ois POULIN &nbsp; &nbsp; \u00a0 Chan Th\u00e9ry : franco-canadienne ; instructrice de Wendo depuis 1984, formatrice, pr\u00e9sidente de Wendo Provence ; docteure de l&rsquo;Universit\u00e9 de Provence ; professeure titulaire : Universit\u00e9 Laval, Qu\u00e9bec (1980-2012) ; [&hellip;]<\/p>\n","protected":false},"author":1,"featured_media":856,"parent":0,"menu_order":0,"comment_status":"closed","ping_status":"closed","template":"","meta":{"_mc_calendar":[]},"_links":{"self":[{"href":"http:\/\/wendo-provence.fr\/index.php?rest_route=\/wp\/v2\/pages\/136"}],"collection":[{"href":"http:\/\/wendo-provence.fr\/index.php?rest_route=\/wp\/v2\/pages"}],"about":[{"href":"http:\/\/wendo-provence.fr\/index.php?rest_route=\/wp\/v2\/types\/page"}],"author":[{"embeddable":true,"href":"http:\/\/wendo-provence.fr\/index.php?rest_route=\/wp\/v2\/users\/1"}],"replies":[{"embeddable":true,"href":"http:\/\/wendo-provence.fr\/index.php?rest_route=%2Fwp%2Fv2%2Fcomments&post=136"}],"version-history":[{"count":60,"href":"http:\/\/wendo-provence.fr\/index.php?rest_route=\/wp\/v2\/pages\/136\/revisions"}],"predecessor-version":[{"id":1795,"href":"http:\/\/wendo-provence.fr\/index.php?rest_route=\/wp\/v2\/pages\/136\/revisions\/1795"}],"wp:featuredmedia":[{"embeddable":true,"href":"http:\/\/wendo-provence.fr\/index.php?rest_route=\/wp\/v2\/media\/856"}],"wp:attachment":[{"href":"http:\/\/wendo-provence.fr\/index.php?rest_route=%2Fwp%2Fv2%2Fmedia&parent=136"}],"curies":[{"name":"wp","href":"https:\/\/api.w.org\/{rel}","templated":true}]}}